{"id":1201,"date":"2025-11-21T00:45:58","date_gmt":"2025-11-20T23:45:58","guid":{"rendered":"https:\/\/www.sorianoipiqueras.com\/?page_id=1201"},"modified":"2026-07-19T22:18:02","modified_gmt":"2026-07-19T20:18:02","slug":"prensa","status":"publish","type":"page","link":"https:\/\/www.sorianoipiqueras.com\/es_es\/prensa\/","title":{"rendered":"Prensa"},"content":{"rendered":"\n<div class=\"wp-block-columns alignwide is-layout-flex wp-container-core-columns-is-layout-8f761849 wp-block-columns-is-layout-flex\">\n<div class=\"wp-block-column is-layout-flow wp-block-column-is-layout-flow\">\n<!-- ================= PRENSA \u00b7 Soriano i Piqueras =================\n  Para A\u00d1ADIR una noticia: copia un bloque <a class=\"press-item\"> ... <\/a>\n  y cambia solo tres cosas: el enlace (href), el medio (press-item__src)\n  y el titular (press-item__title). Las noticias m\u00e1s recientes, arriba.\n=============================================================== -->\n<section class=\"press-page\">\n  <div class=\"press-page__head\">\n    <span class=\"eyebrow\">Prensa<\/span>\n    <h1>En los medios<\/h1>\n    <p>Selecci\u00f3n de apariciones de Soriano i Piqueras y de V\u00edctor Soriano en la prensa nacional y balear.<\/p>\n  <\/div>\n  <div class=\"press-list\">\n    <a class=\"press-item\" href=\"https:\/\/valenciaplaza.com\/valenciaplaza\/tierra-de-empresas\/victor-soriano-de-abogado-del-ppcv-a-referente-nacional-en-derecho-penal-administrativo\" target=\"_blank\" rel=\"noopener\">\n      <span class=\"press-item__src\">Valenciaplaza<\/span>\n      <span class=\"press-item__title\">V\u00edctor Soriano: de abogado del PPCV a referente nacional en derecho penal administrativo<\/span>\n      <span class=\"press-item__go\"><svg viewBox=\"0 0 24 24\" fill=\"none\" stroke=\"currentColor\" stroke-width=\"2.2\"><path d=\"M4 12h15M13 6l6 6-6 6\"\/><\/svg><\/span>\n    <\/a>\n    <a class=\"press-item\" href=\"https:\/\/www.lasprovincias.es\/sociedad\/despacho-abogados-valenciano-referente-acusaciones-penales-elitistas-20251013014040-nt.html\" target=\"_blank\" rel=\"noopener\">\n      <span class=\"press-item__src\">Las Provincias<\/span>\n      <span class=\"press-item__title\">Un despacho de abogados valenciano, referente en las acusaciones penales m\u00e1s elitistas de Espa\u00f1a<\/span>\n      <span class=\"press-item__go\"><svg viewBox=\"0 0 24 24\" fill=\"none\" stroke=\"currentColor\" stroke-width=\"2.2\"><path d=\"M4 12h15M13 6l6 6-6 6\"\/><\/svg><\/span>\n    <\/a>\n    <a class=\"press-item\" href=\"https:\/\/okdiario.com\/espana\/victor-soriano-abogado-que-salva-politicos-actores-futbolistas-delitos-urbanisticos-14235531\" target=\"_blank\" rel=\"noopener\">\n      <span class=\"press-item__src\">OkDiario<\/span>\n      <span class=\"press-item__title\">V\u00edctor Soriano, el abogado que salva a pol\u00edticos, actores y futbolistas de delitos urban\u00edsticos<\/span>\n      <span class=\"press-item__go\"><svg viewBox=\"0 0 24 24\" fill=\"none\" stroke=\"currentColor\" stroke-width=\"2.2\"><path d=\"M4 12h15M13 6l6 6-6 6\"\/><\/svg><\/span>\n    <\/a>\n    <a class=\"press-item\" href=\"https:\/\/www.lawyerpress.com\/2025\/03\/24\/el-valenciano-victor-soriano-reconocido-en-el-top-10-de-mejores-abogados-penalistas-de-espana\/\" target=\"_blank\" rel=\"noopener\">\n      <span class=\"press-item__src\">Lawyerpress<\/span>\n      <span class=\"press-item__title\">El valenciano V\u00edctor Soriano, reconocido en el \u00abTop 10\u00bb de mejores abogados penalistas de Espa\u00f1a<\/span>\n      <span class=\"press-item__go\"><svg viewBox=\"0 0 24 24\" fill=\"none\" stroke=\"currentColor\" stroke-width=\"2.2\"><path d=\"M4 12h15M13 6l6 6-6 6\"\/><\/svg><\/span>\n    <\/a>\n    <a class=\"press-item\" href=\"https:\/\/www.ultimahora.es\/noticias\/local\/2025\/03\/06\/2334075\/victor-soriano-abogado-victor-soriano-referente-derecho-penal-corrupcion-urbanismo-abre-despacho-palma.html\" target=\"_blank\" rel=\"noopener\">\n      <span class=\"press-item__src\">\u00daltima Hora<\/span>\n      <span class=\"press-item__title\">El abogado V\u00edctor Soriano, referente en derecho penal de corrupci\u00f3n y urbanismo, abre despacho en Palma<\/span>\n      <span class=\"press-item__go\"><svg viewBox=\"0 0 24 24\" fill=\"none\" stroke=\"currentColor\" stroke-width=\"2.2\"><path d=\"M4 12h15M13 6l6 6-6 6\"\/><\/svg><\/span>\n    <\/a>\n    <a class=\"press-item\" href=\"https:\/\/www.lawyerpress.com\/2025\/02\/05\/victor-soriano-el-abogado-de-futbolistas-y-promotores-que-asesora-al-pp-y-acusa-al-fiscal-general-la-defensa-penal-no-entiende-de-ideologias\/\" target=\"_blank\" rel=\"noopener\">\n      <span class=\"press-item__src\">Lawyerpress<\/span>\n      <span class=\"press-item__title\">V\u00edctor Soriano, el abogado de futbolistas y promotores que asesora al PP y acusa al fiscal general: \u00abla defensa penal no entiende de ideolog\u00edas\u00bb<\/span>\n      <span class=\"press-item__go\"><svg viewBox=\"0 0 24 24\" fill=\"none\" stroke=\"currentColor\" stroke-width=\"2.2\"><path d=\"M4 12h15M13 6l6 6-6 6\"\/><\/svg><\/span>\n    <\/a>\n    <a class=\"press-item\" href=\"https:\/\/www.elespanol.com\/valencia\/20240214\/pp-ficha-asesor-senado-abogado-partido-caso-hermano-ximo-puig\/832417000_0.html\" target=\"_blank\" rel=\"noopener\">\n      <span class=\"press-item__src\">El Espa\u00f1ol<\/span>\n      <span class=\"press-item__title\">El PP ficha como asesor en el Senado al abogado del partido en el caso contra el hermano de Ximo Puig<\/span>\n      <span class=\"press-item__go\"><svg viewBox=\"0 0 24 24\" fill=\"none\" stroke=\"currentColor\" stroke-width=\"2.2\"><path d=\"M4 12h15M13 6l6 6-6 6\"\/><\/svg><\/span>\n    <\/a>\n    <a class=\"press-item\" href=\"https:\/\/valencia.elperiodicodeaqui.com\/epda-noticias\/la-exalcaldesa-de-catarroja-m-ngeles-lopez-se-incorpora-a-la-firma-de-abogados-soriano-i-piqueras\/340716\" target=\"_blank\" rel=\"noopener\">\n      <span class=\"press-item__src\">El Peri\u00f3dico de Aqu\u00ed<\/span>\n      <span class=\"press-item__title\">La exalcaldesa de Catarroja M. \u00c1ngeles L\u00f3pez se incorpora a la firma de abogados \u00abSoriano i Piqueras\u00bb<\/span>\n      <span class=\"press-item__go\"><svg viewBox=\"0 0 24 24\" fill=\"none\" stroke=\"currentColor\" stroke-width=\"2.2\"><path d=\"M4 12h15M13 6l6 6-6 6\"\/><\/svg><\/span>\n    <\/a>\n    <a class=\"press-item\" href=\"https:\/\/www.lawyerpress.com\/2024\/09\/30\/jose-luis-pantoja-se-incorpora-a-soriano-i-piqueras-liderando-la-practica-de-derecho-mercantil-y-de-la-energia-en-madrid\/\" target=\"_blank\" rel=\"noopener\">\n      <span class=\"press-item__src\">Lawyerpress<\/span>\n      <span class=\"press-item__title\">Jos\u00e9 Luis Pantoja se incorpora a \u00abSoriano i Piqueras\u00bb liderando la pr\u00e1ctica de derecho mercantil y de la energ\u00eda en Madrid<\/span>\n      <span class=\"press-item__go\"><svg viewBox=\"0 0 24 24\" fill=\"none\" stroke=\"currentColor\" stroke-width=\"2.2\"><path d=\"M4 12h15M13 6l6 6-6 6\"\/><\/svg><\/span>\n    <\/a>\n    <a class=\"press-item\" href=\"https:\/\/www.elperiodicodeaqui.com\/epda-noticias\/la-abogada-inma-yanez-ficha-por-el-despacho-soriano-i-piqueras\/371508\" target=\"_blank\" rel=\"noopener\">\n      <span class=\"press-item__src\">El Peri\u00f3dico de Aqu\u00ed<\/span>\n      <span class=\"press-item__title\">La abogada Inma Y\u00e1\u00f1ez ficha por el despacho Soriano i Piqueras<\/span>\n      <span class=\"press-item__go\"><svg viewBox=\"0 0 24 24\" fill=\"none\" stroke=\"currentColor\" stroke-width=\"2.2\"><path d=\"M4 12h15M13 6l6 6-6 6\"\/><\/svg><\/span>\n    <\/a>\n    <a class=\"press-item\" href=\"https:\/\/okdiario.com\/espana\/supremo-condena-cuatro-veces-gobierno-sanchez-ocultar-informacion-senado-16669630\" target=\"_blank\" rel=\"noopener\">\n      <span class=\"press-item__src\">OkDiario<\/span>\n      <span class=\"press-item__title\">El Supremo condena cuatro veces al Gobierno de S\u00e1nchez por ocultar informaci\u00f3n al Senado<\/span>\n      <span class=\"press-item__go\"><svg viewBox=\"0 0 24 24\" fill=\"none\" stroke=\"currentColor\" stroke-width=\"2.2\"><path d=\"M4 12h15M13 6l6 6-6 6\"\/><\/svg><\/span>\n    <\/a>\n    <a class=\"press-item\" href=\"https:\/\/www.diariodeibiza.es\/empresas-en-ibiza\/2025\/03\/11\/victor-soriano-abogado-ibiza-persigue-115161943.html\" target=\"_blank\" rel=\"noopener\">\n      <span class=\"press-item__src\">Diario de Ibiza<\/span>\n      <span class=\"press-item__title\">V\u00edctor Soriano, abogado: \u00abEn Ibiza se persigue como delito urban\u00edstico aut\u00e9nticas tonter\u00edas\u00bb<\/span>\n      <span class=\"press-item__go\"><svg viewBox=\"0 0 24 24\" fill=\"none\" stroke=\"currentColor\" stroke-width=\"2.2\"><path d=\"M4 12h15M13 6l6 6-6 6\"\/><\/svg><\/span>\n    <\/a>\n    <a class=\"press-item\" href=\"https:\/\/www.lawyerpress.com\/2025\/09\/26\/cuando-todos-dicen-que-no-hay-solucion-soriano-i-piqueras-celebra-su-segundo-aniversario-con-la-mirada-en-la-excelencia-y-la-alta-litigacion\/\" target=\"_blank\" rel=\"noopener\">\n      <span class=\"press-item__src\">Lawyerpress<\/span>\n      <span class=\"press-item__title\">\u00abCuando todos dicen que no hay soluci\u00f3n\u00bb: Soriano i Piqueras celebra su segundo aniversario con la mirada en la excelencia y la alta litigaci\u00f3n<\/span>\n      <span\n<\/div>\n<\/div>\n","protected":false},"excerpt":{"rendered":"<p>Prensa En los medios Selecci\u00f3n de apariciones de Soriano i Piqueras y de V\u00edctor Soriano en la prensa nacional y balear. Valenciaplaza V\u00edctor Soriano: de abogado del PPCV a referente nacional en derecho penal administrativo Las Provincias Un despacho de abogados valenciano, referente en las acusaciones penales m\u00e1s elitistas de Espa\u00f1a OkDiario V\u00edctor Soriano, el [&hellip;]<\/p>\n","protected":false},"author":1,"featured_media":0,"parent":0,"menu_order":0,"comment_status":"closed","ping_status":"closed","template":"template-lienzo.php","meta":{"footnotes":""},"class_list":["post-1201","page","type-page","status-publish","hentry"],"aioseo_notices":[],"_links":{"self":[{"href":"https:\/\/www.sorianoipiqueras.com\/es_es\/wp-json\/wp\/v2\/pages\/1201","targetHints":{"allow":["GET"]}}],"collection":[{"href":"https:\/\/www.sorianoipiqueras.com\/es_es\/wp-json\/wp\/v2\/pages"}],"about":[{"href":"https:\/\/www.sorianoipiqueras.com\/es_es\/wp-json\/wp\/v2\/types\/page"}],"author":[{"embeddable":true,"href":"https:\/\/www.sorianoipiqueras.com\/es_es\/wp-json\/wp\/v2\/users\/1"}],"replies":[{"embeddable":true,"href":"https:\/\/www.sorianoipiqueras.com\/es_es\/wp-json\/wp\/v2\/comments?post=1201"}],"version-history":[{"count":10,"href":"https:\/\/www.sorianoipiqueras.com\/es_es\/wp-json\/wp\/v2\/pages\/1201\/revisions"}],"predecessor-version":[{"id":1773,"href":"https:\/\/www.sorianoipiqueras.com\/es_es\/wp-json\/wp\/v2\/pages\/1201\/revisions\/1773"}],"wp:attachment":[{"href":"https:\/\/www.sorianoipiqueras.com\/es_es\/wp-json\/wp\/v2\/media?parent=1201"}],"curies":[{"name":"wp","href":"https:\/\/api.w.org\/{rel}","templated":true}]}}