{"id":1465,"date":"2026-05-03T01:57:41","date_gmt":"2026-05-02T23:57:41","guid":{"rendered":"https:\/\/www.sorianoipiqueras.com\/?page_id=1465"},"modified":"2026-05-03T04:27:56","modified_gmt":"2026-05-03T02:27:56","slug":"casos","status":"publish","type":"page","link":"https:\/\/www.sorianoipiqueras.com\/es_es\/casos\/","title":{"rendered":"Casos"},"content":{"rendered":"\n<div class=\"wp-block-columns alignwide is-layout-flex wp-container-core-columns-is-layout-28f84493 wp-block-columns-is-layout-flex\">\n<div class=\"wp-block-column has-foreground-color has-quaternary-background-color has-text-color has-background is-layout-flow wp-block-column-is-layout-flow\">\n<style>\n  #carrusel_69f76ff48e846 { position: relative; overflow: hidden; }\n  #carrusel_69f76ff48e846 .car-track { display: flex; transition: transform 0.45s ease; }\n  #carrusel_69f76ff48e846 .car-slide { min-width: 100%; box-sizing: border-box; background: #776252; padding: 48px 64px; display: flex; flex-direction: column; justify-content: space-between; min-height: 280px; }\n  #carrusel_69f76ff48e846 .car-slide:nth-child(even) { background: #8f7562; }\n  #carrusel_69f76ff48e846 .car-top { display: flex; align-items: flex-start; gap: 24px; margin-bottom: 20px; }\n  #carrusel_69f76ff48e846 .car-thumb { width: 160px; height: 160px; flex-shrink: 0; overflow: hidden; }\n  #carrusel_69f76ff48e846 .car-thumb img { width: 100%; height: 100%; object-fit: cover; display: block; }\n  #carrusel_69f76ff48e846 .car-thumb-placeholder { width: 160px; height: 160px; background: rgba(0,0,0,0.2); flex-shrink: 0; }\n  #carrusel_69f76ff48e846 .car-cat { font-size: 9px; letter-spacing: 0.18em; text-transform: uppercase; color: rgba(255,255,255,0.45); margin: 0 0 10px; }\n  #carrusel_69f76ff48e846 .car-title { font-size: 22px; letter-spacing: 0.03em; color: rgba(255,255,255,0.95); margin: 0; line-height: 1.5; font-weight: 500; max-width: 780px; }\n  #carrusel_69f76ff48e846 .car-excerpt { font-size: 14px; color: rgba(255,255,255,0.65); line-height: 1.75; margin: 0 0 28px; max-width: 720px; }\n  #carrusel_69f76ff48e846 .car-link { font-size: 9px; letter-spacing: 0.12em; text-transform: uppercase; color: rgba(255,255,255,0.4); text-decoration: none; border-bottom: 0.5px solid rgba(255,255,255,0.2); padding-bottom: 2px; align-self: flex-start; }\n  #carrusel_69f76ff48e846 .car-nav { display: flex; align-items: center; justify-content: space-between; background: #3d3530; padding: 12px 24px; }\n  #carrusel_69f76ff48e846 .car-dots { display: flex; gap: 6px; }\n  #carrusel_69f76ff48e846 .car-dot { width: 6px; height: 6px; border-radius: 50%; background: rgba(255,255,255,0.2); cursor: pointer; border: none; padding: 0; transition: background 0.2s; }\n  #carrusel_69f76ff48e846 .car-dot.active { background: #776252; }\n  #carrusel_69f76ff48e846 .car-btn { background: none; border: none; color: rgba(255,255,255,0.5); font-size: 18px; cursor: pointer; padding: 4px 12px; letter-spacing: 0.05em; transition: color 0.2s; }\n  #carrusel_69f76ff48e846 .car-btn:hover { color: rgba(255,255,255,0.9); }\n  #carrusel_69f76ff48e846 .car-counter { font-size: 9px; letter-spacing: 0.12em; text-transform: uppercase; color: rgba(255,255,255,0.35); }\n  @media (max-width: 600px) {\n    #carrusel_69f76ff48e846 .car-slide { padding: 32px 24px; min-height: 240px; }\n    #carrusel_69f76ff48e846 .car-title { font-size: 18px; }\n    #carrusel_69f76ff48e846 .car-excerpt { font-size: 13px; }\n    #carrusel_69f76ff48e846 .car-thumb { width: 100px; height: 100px; }\n    #carrusel_69f76ff48e846 .car-thumb-placeholder { width: 100px; height: 100px; }\n  }\n  <\/style>\n  <div id=\"carrusel_69f76ff48e846\">\n    <div class=\"car-track\">\n    <div class=\"car-slide\">\n      <div>\n        <div class=\"car-top\">\n          <div class=\"car-thumb\"><img decoding=\"async\" src=\"https:\/\/www.sorianoipiqueras.com\/wp-content\/uploads\/2026\/05\/EuropaPress_5216794_Fachada_de_los_juzgados_de_Plaza_de_Castilla_a_22.jpg-300x200.webp\" alt=\"Soriano i Piqueras\u00a0marca perfil propio en el &#8216;caso Bego\u00f1a G\u00f3mez&#8217;\"><\/div>\n          <div>\n            <p class=\"car-cat\">Caso de \u00e9xito<\/p>\n            <p class=\"car-title\">Soriano i Piqueras\u00a0marca perfil propio en el &#8216;caso Bego\u00f1a G\u00f3mez&#8217;<\/p>\n          <\/div>\n        <\/div>\n        <p class=\"car-excerpt\">El procedimiento judicial seguido contra Bego\u00f1a G\u00f3mez, instruido en los juzgados de Madrid a ra\u00edz de la denuncia formulada por el\u00a0Manos Limpias, se ha convertido en uno de los asuntos\u2026<\/p>\n      <\/div>\n      <a href=\"https:\/\/www.sorianoipiqueras.com\/es_es\/2026\/05\/01\/soriano-i-piqueras-marca-perfil-propio-en-el-caso-begona-gomez\/\" class=\"car-link\">Leer m\u00e1s<\/a>\n    <\/div>\n    <div class=\"car-slide\">\n      <div>\n        <div class=\"car-top\">\n          <div class=\"car-thumb\"><img decoding=\"async\" src=\"https:\/\/www.sorianoipiqueras.com\/wp-content\/uploads\/2026\/05\/Fachada_Tribunal-Supremo-300x200.jpg\" alt=\"El\u00a0Tribunal Supremo\u00a0condena al Gobierno en cuatro pleitos dirigidos por V\u00edctor Soriano\"><\/div>\n          <div>\n            <p class=\"car-cat\">Caso de \u00e9xito<\/p>\n            <p class=\"car-title\">El\u00a0Tribunal Supremo\u00a0condena al Gobierno en cuatro pleitos dirigidos por V\u00edctor Soriano<\/p>\n          <\/div>\n        <\/div>\n        <p class=\"car-excerpt\">El\u00a0Tribunal Supremo\u00a0ha dictado en fechas recientes varias resoluciones de gran relevancia institucional al estimar distintos recursos contencioso-administrativos interpuestos por senadores del Partido Popular frente a la negativa del Gobierno a\u2026<\/p>\n      <\/div>\n      <a href=\"https:\/\/www.sorianoipiqueras.com\/es_es\/2026\/05\/01\/el-tribunal-supremo-obliga-al-gobierno-a-rendir-cuentas-al-parlamento-en-cuatro-recursos-dirigidos-por-victor-soriano\/\" class=\"car-link\">Leer m\u00e1s<\/a>\n    <\/div>\n    <div class=\"car-slide\">\n      <div>\n        <div class=\"car-top\">\n          <div class=\"car-thumb\"><img decoding=\"async\" src=\"https:\/\/www.sorianoipiqueras.com\/wp-content\/uploads\/2026\/03\/premium_photo-1697730087633-ad2e45e86e99-300x225.jpg\" alt=\"Soriano i Piqueras logra reducir un 88% una sanci\u00f3n por alquiler tur\u00edstico sin licencia en Ibiza\"><\/div>\n          <div>\n            <p class=\"car-cat\">Caso de \u00e9xito<\/p>\n            <p class=\"car-title\">Soriano i Piqueras logra reducir un 88% una sanci\u00f3n por alquiler tur\u00edstico sin licencia en Ibiza<\/p>\n          <\/div>\n        <\/div>\n        <p class=\"car-excerpt\">El despacho Soriano i Piqueras ha conseguido reducir en un 88% una sanci\u00f3n de 275.000 euros impuesta por el Consell d\u2019Eivissa a la propietaria de una vivienda en Sant Antoni\u2026<\/p>\n      <\/div>\n      <a href=\"https:\/\/www.sorianoipiqueras.com\/es_es\/2026\/03\/11\/soriano-i-piqueras-logra-reducir-un-88-una-sancion-por-alquiler-turistico-sin-licencia-en-ibiza\/\" class=\"car-link\">Leer m\u00e1s<\/a>\n    <\/div>\n    <div class=\"car-slide\">\n      <div>\n        <div class=\"car-top\">\n          <div class=\"car-thumb\"><img decoding=\"async\" src=\"https:\/\/www.sorianoipiqueras.com\/wp-content\/uploads\/2025\/12\/images-1-300x154.jpeg\" alt=\"La acusaci\u00f3n particular defendida por Soriano i Piqueras reclamar\u00e1 diez millones de euros a los procesados por el caso Madeira Invest Club\"><\/div>\n          <div>\n            <p class=\"car-cat\">Caso de \u00e9xito<\/p>\n            <p class=\"car-title\">La acusaci\u00f3n particular defendida por Soriano i Piqueras reclamar\u00e1 diez millones de euros a los procesados por el caso Madeira Invest Club<\/p>\n          <\/div>\n        <\/div>\n        <p class=\"car-excerpt\">En defensa de una veintena de grandes afectados, intervienen en el procedimiento el socio director de la firma, Victor Soriano, y el abogado Antonio Lechuga El despacho de abogados Soriano\u2026<\/p>\n      <\/div>\n      <a href=\"https:\/\/www.sorianoipiqueras.com\/es_es\/2025\/12\/19\/la-acusacion-particular-defendida-por-soriano-i-piqueras-reclamara-diez-millones-de-euros-a-los-procesados-por-el-caso-madeira-invest-club\/\" class=\"car-link\">Leer m\u00e1s<\/a>\n    <\/div>\n    <div class=\"car-slide\">\n      <div>\n        <div class=\"car-top\">\n          <div class=\"car-thumb\"><img decoding=\"async\" src=\"https:\/\/www.sorianoipiqueras.com\/wp-content\/uploads\/2023\/09\/WhatsApp-Image-2023-09-09-at-00.54.30-300x180.jpeg\" alt=\"Soriano i Piqueras valora la sentencia condenatoria al fiscal general del Estado \u00c1lvaro Garc\u00eda Ortiz\"><\/div>\n          <div>\n            <p class=\"car-cat\">Caso de \u00e9xito<\/p>\n            <p class=\"car-title\">Soriano i Piqueras valora la sentencia condenatoria al fiscal general del Estado \u00c1lvaro Garc\u00eda Ortiz<\/p>\n          <\/div>\n        <\/div>\n        <p class=\"car-excerpt\">El despacho Soriano i Piqueras, direcci\u00f3n letrada de la acusaci\u00f3n popular ejercida por el sindicato Manos Limpias, valora de forma muy positiva la sentencia condenatoria dictada por la Sala de\u2026<\/p>\n      <\/div>\n      <a href=\"https:\/\/www.sorianoipiqueras.com\/es_es\/2025\/12\/09\/soriano-i-piqueras-valora-la-sentencia-condenatoria-al-fiscal-general-del-estado-alvaro-garcia-ortiz\/\" class=\"car-link\">Leer m\u00e1s<\/a>\n    <\/div>\n    <div class=\"car-slide\">\n      <div>\n        <div class=\"car-top\">\n          <div class=\"car-thumb\"><img decoding=\"async\" src=\"https:\/\/www.sorianoipiqueras.com\/wp-content\/uploads\/2025\/11\/57cfefdc-f8a6-4516-83f4-9e2cdd39dd0d-300x169.jpeg\" alt=\"Soriano i Piqueras celebra la condena a Garc\u00eda Ortiz y destaca que el fallo refuerza el Estado de Derecho\"><\/div>\n          <div>\n            <p class=\"car-cat\">Caso de \u00e9xito<\/p>\n            <p class=\"car-title\">Soriano i Piqueras celebra la condena a Garc\u00eda Ortiz y destaca que el fallo refuerza el Estado de Derecho<\/p>\n          <\/div>\n        <\/div>\n        <p class=\"car-excerpt\">El despacho Soriano i Piqueras celebra la sentencia dictada hoy por el Tribunal Supremo, que condena al Fiscal General del Estado, \u00c1lvaro Garc\u00eda Ortiz, a dos a\u00f1os de inhabilitaci\u00f3n, multa\u2026<\/p>\n      <\/div>\n      <a href=\"https:\/\/www.sorianoipiqueras.com\/es_es\/2025\/11\/20\/soriano-i-piqueras-celebra-la-condena-a-garcia-ortiz-y-destaca-que-el-fallo-refuerza-el-estado-de-derecho\/\" class=\"car-link\">Leer m\u00e1s<\/a>\n    <\/div>\n    <div class=\"car-slide\">\n      <div>\n        <div class=\"car-top\">\n          <div class=\"car-thumb\"><img decoding=\"async\" src=\"https:\/\/www.sorianoipiqueras.com\/wp-content\/uploads\/2025\/10\/WhatsApp-Image-2025-10-10-at-11.29.34-kYFC-U2303362386059zPF-1200x840@Las-Provincias.jpg-300x173.webp\" alt=\"Las Provincias: \u00abUn despacho de abogados valenciano, referente en las acusaciones penales m\u00e1s elitistas de Espa\u00f1a\u00bb\"><\/div>\n          <div>\n            <p class=\"car-cat\">Caso de \u00e9xito<\/p>\n            <p class=\"car-title\">Las Provincias: \u00abUn despacho de abogados valenciano, referente en las acusaciones penales m\u00e1s elitistas de Espa\u00f1a\u00bb<\/p>\n          <\/div>\n        <\/div>\n        <p class=\"car-excerpt\">Publicado en el diario Las Provincias el 14 de octubre de 2025Puede consultarse en el siguiente enlace El despacho Soriano i Piqueras participa en algunas de las causas m\u00e1s sensibles\u2026<\/p>\n      <\/div>\n      <a href=\"https:\/\/www.sorianoipiqueras.com\/es_es\/2025\/10\/15\/las-provincias-un-despacho-de-abogados-valenciano-referente-en-las-acusaciones-penales-mas-elitistas-de-espana\/\" class=\"car-link\">Leer m\u00e1s<\/a>\n    <\/div>\n    <div class=\"car-slide\">\n      <div>\n        <div class=\"car-top\">\n          <div class=\"car-thumb\"><img decoding=\"async\" src=\"https:\/\/www.sorianoipiqueras.com\/wp-content\/uploads\/2024\/12\/WhatsApp-Image-2024-12-12-at-14.48.51-300x214.jpeg\" alt=\"Soriano: \u00abHemos ganado m\u00e1s de 400 pleitos de derecho de acceso a la documentaci\u00f3n por cargos pol\u00edticos\u00bb\"><\/div>\n          <div>\n            <p class=\"car-cat\">Caso de \u00e9xito<\/p>\n            <p class=\"car-title\">Soriano: \u00abHemos ganado m\u00e1s de 400 pleitos de derecho de acceso a la documentaci\u00f3n por cargos pol\u00edticos\u00bb<\/p>\n          <\/div>\n        <\/div>\n        <p class=\"car-excerpt\">El abogado director de Soriano i Piqueras, V\u00edctor Soriano, ha impartido una sesi\u00f3n formativa a concejales sobre el derecho de acceso a la informaci\u00f3n La oposici\u00f3n pide papeles y el\u2026<\/p>\n      <\/div>\n      <a href=\"https:\/\/www.sorianoipiqueras.com\/es_es\/2025\/07\/13\/soriano-hemos-ganado-mas-de-400-pleitos-de-derecho-de-acceso-a-la-documentacion-por-cargos-politicos\/\" class=\"car-link\">Leer m\u00e1s<\/a>\n    <\/div>\n    <div class=\"car-slide\">\n      <div>\n        <div class=\"car-top\">\n          <div class=\"car-thumb\"><img decoding=\"async\" src=\"https:\/\/www.sorianoipiqueras.com\/wp-content\/uploads\/2025\/03\/429509131-300x200.jpg\" alt=\"Soriano i Piqueras asesora a la promotora de la m\u00e1s exclusiva urbanizaci\u00f3n de lujo de Ibiza\"><\/div>\n          <div>\n            <p class=\"car-cat\">Caso de \u00e9xito<\/p>\n            <p class=\"car-title\">Soriano i Piqueras asesora a la promotora de la m\u00e1s exclusiva urbanizaci\u00f3n de lujo de Ibiza<\/p>\n          <\/div>\n        <\/div>\n        <p class=\"car-excerpt\">La hist\u00f3rica promotora Los Parques d\u2019Es Cubells, reconocida desde hace d\u00e9cadas por impulsar uno de los proyectos inmobiliarios m\u00e1s ambiciosos de la isla de Ibiza, ha confiado su asesoramiento jur\u00eddico\u2026<\/p>\n      <\/div>\n      <a href=\"https:\/\/www.sorianoipiqueras.com\/es_es\/2025\/07\/11\/soriano-i-piqueras-asesora-a-la-promotora-de-la-mas-exclusiva-urbanizacion-de-lujo-de-ibiza\/\" class=\"car-link\">Leer m\u00e1s<\/a>\n    <\/div>\n    <div class=\"car-slide\">\n      <div>\n        <div class=\"car-top\">\n          <div class=\"car-thumb\"><img decoding=\"async\" src=\"https:\/\/www.sorianoipiqueras.com\/wp-content\/uploads\/2023\/09\/WhatsApp-Image-2023-09-09-at-00.54.30-1-300x180.jpeg\" alt=\"Soriano i Piqueras lidera la primera acusaci\u00f3n en la causa penal contra el fiscal general del Estado\"><\/div>\n          <div>\n            <p class=\"car-cat\">Caso de \u00e9xito<\/p>\n            <p class=\"car-title\">Soriano i Piqueras lidera la primera acusaci\u00f3n en la causa penal contra el fiscal general del Estado<\/p>\n          <\/div>\n        <\/div>\n        <p class=\"car-excerpt\">El despacho\u00a0Soriano i Piqueras, especializado en derecho penal administrativo, ha dado un paso decisivo en una de las causas m\u00e1s relevantes del panorama judicial espa\u00f1ol al formalizar el\u00a0primer escrito de\u2026<\/p>\n      <\/div>\n      <a href=\"https:\/\/www.sorianoipiqueras.com\/es_es\/2025\/06\/23\/soriano-i-piqueras-lidera-la-primera-acusacion-en-la-causa-penal-contra-el-fiscal-general-del-estado\/\" class=\"car-link\">Leer m\u00e1s<\/a>\n    <\/div>\n    <div class=\"car-slide\">\n      <div>\n        <div class=\"car-top\">\n          <div class=\"car-thumb\"><img decoding=\"async\" src=\"https:\/\/www.sorianoipiqueras.com\/wp-content\/uploads\/2025\/02\/WhatsApp-Image-2025-01-28-at-12.02.49-300x200.jpeg\" alt=\"El Tribunal Supremo estima dos demandas contra el Gobierno defendidas por V\u00edctor Soriano\"><\/div>\n          <div>\n            <p class=\"car-cat\">Caso de \u00e9xito<\/p>\n            <p class=\"car-title\">El Tribunal Supremo estima dos demandas contra el Gobierno defendidas por V\u00edctor Soriano<\/p>\n          <\/div>\n        <\/div>\n        <p class=\"car-excerpt\">Compartimos la informaci\u00f3n period\u00edstica difundida por OkDiario, que puede consultarse en el enlace. El Supremo da la raz\u00f3n al PP: Montero no puede esconder los informes de la Intervenci\u00f3n El\u00a0Tribunal\u2026<\/p>\n      <\/div>\n      <a href=\"https:\/\/www.sorianoipiqueras.com\/es_es\/2025\/05\/16\/el-tribunal-supremo-estima-dos-demandas-contra-el-gobierno-defendidas-por-victor-soriano\/\" class=\"car-link\">Leer m\u00e1s<\/a>\n    <\/div>\n    <div class=\"car-slide\">\n      <div>\n        <div class=\"car-top\">\n          <div class=\"car-thumb\"><img decoding=\"async\" src=\"https:\/\/www.sorianoipiqueras.com\/wp-content\/uploads\/2025\/01\/czNmcy1wcml2YXRlL3Jhd3BpeGVsX2ltYWdlcy93ZWJzaXRlX2NvbnRlbnQvbHIvcHg2NzQ2MjQtaW1hZ2Uta3d2eGliNHUuanBn-300x200.webp\" alt=\"El despacho Soriano i Piqueras asume la defensa de vecinos de Picassent afectados por la DANA\"><\/div>\n          <div>\n            <p class=\"car-cat\">Caso de \u00e9xito<\/p>\n            <p class=\"car-title\">El despacho Soriano i Piqueras asume la defensa de vecinos de Picassent afectados por la DANA<\/p>\n          <\/div>\n        <\/div>\n        <p class=\"car-excerpt\">La firma legal dirigida por V\u00edctor Soriano emprender\u00e1 acciones ante el Ayuntamiento de Picassent y la CHJ por la inacci\u00f3n que mantiene desalojados de sus viviendas a los vecinos del\u2026<\/p>\n      <\/div>\n      <a href=\"https:\/\/www.sorianoipiqueras.com\/es_es\/2025\/03\/30\/el-despacho-soriano-i-piqueras-asume-la-defensa-de-vecinos-de-picassent-afectados-por-la-dana\/\" class=\"car-link\">Leer m\u00e1s<\/a>\n    <\/div>\n    <div class=\"car-slide\">\n      <div>\n        <div class=\"car-top\">\n          <div class=\"car-thumb\"><img decoding=\"async\" src=\"https:\/\/www.sorianoipiqueras.com\/wp-content\/uploads\/2024\/07\/ihortal-2765-200x300.jpg\" alt=\"\u00abSoriano i Piqueras\u00bb defiende a la acusaci\u00f3n popular en el caso por delito urban\u00edstico de la piscina de Alboraya\"><\/div>\n          <div>\n            <p class=\"car-cat\">Caso de \u00e9xito<\/p>\n            <p class=\"car-title\">\u00abSoriano i Piqueras\u00bb defiende a la acusaci\u00f3n popular en el caso por delito urban\u00edstico de la piscina de Alboraya<\/p>\n          <\/div>\n        <\/div>\n        <p class=\"car-excerpt\">El despacho Soriano i Piqueras, firma boutique especializada en derecho administrativo, urbanismo y derecho penal administrativo y urban\u00edstico dirigir\u00e1 la defensa letrada del procedimiento por encargo de la ADED El\u2026<\/p>\n      <\/div>\n      <a href=\"https:\/\/www.sorianoipiqueras.com\/es_es\/2025\/02\/24\/soriano-i-piqueras-defiende-a-la-acusacion-popular-en-el-caso-por-delito-urbanistico-de-la-piscina-de-alboraya\/\" class=\"car-link\">Leer m\u00e1s<\/a>\n    <\/div>\n    <div class=\"car-slide\">\n      <div>\n        <div class=\"car-top\">\n          <div class=\"car-thumb\"><img decoding=\"async\" src=\"https:\/\/www.sorianoipiqueras.com\/wp-content\/uploads\/2024\/12\/WhatsApp-Image-2024-12-12-at-14.48.51-300x214.jpeg\" alt=\"V\u00edctor Soriano, de \u00abSoriano i Piqueras\u00bb, defiende a la acusaci\u00f3n en el caso Puig, que ir\u00e1 a juicio\"><\/div>\n          <div>\n            <p class=\"car-cat\">Caso de \u00e9xito<\/p>\n            <p class=\"car-title\">V\u00edctor Soriano, de \u00abSoriano i Piqueras\u00bb, defiende a la acusaci\u00f3n en el caso Puig, que ir\u00e1 a juicio<\/p>\n          <\/div>\n        <\/div>\n        <p class=\"car-excerpt\">El director de \u00abSoriano i Piqueras\u00bb, V\u00edctor Soriano, reconocido abogado de derecho penal de delitos administrativos, de corrupci\u00f3n y urban\u00edsticos, ejerce la defensa letrada de la acusaci\u00f3n popular en el\u2026<\/p>\n      <\/div>\n      <a href=\"https:\/\/www.sorianoipiqueras.com\/es_es\/2025\/02\/01\/victor-soriano-de-soriano-i-piqueras-defiende-a-la-acusacion-en-el-caso-puig-que-ira-a-juicio\/\" class=\"car-link\">Leer m\u00e1s<\/a>\n    <\/div>\n    <div class=\"car-slide\">\n      <div>\n        <div class=\"car-top\">\n          <div class=\"car-thumb\"><img decoding=\"async\" src=\"https:\/\/www.sorianoipiqueras.com\/wp-content\/uploads\/2025\/01\/czNmcy1wcml2YXRlL3Jhd3BpeGVsX2ltYWdlcy93ZWJzaXRlX2NvbnRlbnQvbHIvcHg2NzQ2MjQtaW1hZ2Uta3d2eGliNHUuanBn-300x200.webp\" alt=\"\u00abSoriano i Piqueras\u00bb interpone demanda contra la suspensi\u00f3n de licencias para apartamentos tur\u00edsticos en Valencia\"><\/div>\n          <div>\n            <p class=\"car-cat\">Caso de \u00e9xito<\/p>\n            <p class=\"car-title\">\u00abSoriano i Piqueras\u00bb interpone demanda contra la suspensi\u00f3n de licencias para apartamentos tur\u00edsticos en Valencia<\/p>\n          <\/div>\n        <\/div>\n        <p class=\"car-excerpt\">La boutique legal dirigida por V\u00edctor Soriano, reconocida en\u00a0BestLawyers, en las \u00e1reas de derecho adminsitrativo y derecho inmobiliario, lidera el procedimiento judicial contra la suspensi\u00f3n de licencias tur\u00edsticas en la\u2026<\/p>\n      <\/div>\n      <a href=\"https:\/\/www.sorianoipiqueras.com\/es_es\/2025\/01\/27\/soriano-i-piqueras-interpone-demanda-contra-la-suspension-de-licencias-para-apartamentos-turisticos-en-valencia\/\" class=\"car-link\">Leer m\u00e1s<\/a>\n    <\/div>\n    <div class=\"car-slide\">\n      <div>\n        <div class=\"car-top\">\n          <div class=\"car-thumb\"><img decoding=\"async\" src=\"https:\/\/www.sorianoipiqueras.com\/wp-content\/uploads\/2023\/09\/WhatsApp-Image-2023-09-09-at-00.54.30-300x180.jpeg\" alt=\"\u00abSoriano i Piqueras\u00bb asesora a la UPV en I+D+i\"><\/div>\n          <div>\n            <p class=\"car-cat\">Caso de \u00e9xito<\/p>\n            <p class=\"car-title\">\u00abSoriano i Piqueras\u00bb asesora a la UPV en I+D+i<\/p>\n          <\/div>\n        <\/div>\n        <p class=\"car-excerpt\">La boutique legal dirigida por Soriano, reconocida en\u00a0BestLawyers, se adjudic\u00f3 el contrato de asesoramiento jur\u00eddico en materia de investigaci\u00f3n y desarrollo de la Universitat Polit\u00e8cnica de Val\u00e8ncia (UPV) La firma\u2026<\/p>\n      <\/div>\n      <a href=\"https:\/\/www.sorianoipiqueras.com\/es_es\/2025\/01\/23\/soriano-i-piqueras-asesora-a-la-upv-en-idi\/\" class=\"car-link\">Leer m\u00e1s<\/a>\n    <\/div>\n    <div class=\"car-slide\">\n      <div>\n        <div class=\"car-top\">\n          <div class=\"car-thumb\"><img decoding=\"async\" src=\"https:\/\/www.sorianoipiqueras.com\/wp-content\/uploads\/2023\/09\/WhatsApp-Image-2023-09-09-at-00.54.30-300x180.jpeg\" alt=\"\u00abSoriano i Piqueras\u00bb defiende a la acusaci\u00f3n popular en la querella por la que se ha imputado al fiscal general del Estado\"><\/div>\n          <div>\n            <p class=\"car-cat\">Caso de \u00e9xito<\/p>\n            <p class=\"car-title\">\u00abSoriano i Piqueras\u00bb defiende a la acusaci\u00f3n popular en la querella por la que se ha imputado al fiscal general del Estado<\/p>\n          <\/div>\n        <\/div>\n        <p class=\"car-excerpt\">La boutique legal dirigida por V\u00edctor Soriano, reconocida en&nbsp;BestLawyers, dirige una de las acusaciones populares ejercidas ante el Tribunal Supremo contra \u00c1lvaro Garc\u00eda Ortiz por descubrimiento y revelaci\u00f3n de secretos.\u2026<\/p>\n      <\/div>\n      <a href=\"https:\/\/www.sorianoipiqueras.com\/es_es\/2024\/10\/16\/soriano-i-piqueras-defiende-a-la-acusacion-popular-en-la-querella-por-la-que-se-ha-imputado-al-fiscal-general-del-estado\/\" class=\"car-link\">Leer m\u00e1s<\/a>\n    <\/div>\n    <div class=\"car-slide\">\n      <div>\n        <div class=\"car-top\">\n          <div class=\"car-thumb\"><img decoding=\"async\" src=\"https:\/\/www.sorianoipiqueras.com\/wp-content\/uploads\/2023\/09\/WhatsApp-Image-2023-09-09-at-00.54.30-2-300x180.jpeg\" alt=\"\u00abSoriano i Piqueras\u00bb defender\u00e1 a grandes afectados del caso Madeira Invest Club que invirtieron m\u00e1s de 6 millones de euros\"><\/div>\n          <div>\n            <p class=\"car-cat\">Caso de \u00e9xito<\/p>\n            <p class=\"car-title\">\u00abSoriano i Piqueras\u00bb defender\u00e1 a grandes afectados del caso Madeira Invest Club que invirtieron m\u00e1s de 6 millones de euros<\/p>\n          <\/div>\n        <\/div>\n        <p class=\"car-excerpt\">La boutique legal dirigida por V\u00edctor Soriano, reconocida en\u00a0BestLawyers, se encargar\u00e1 de la direcci\u00f3n letrada de la acusaci\u00f3n particular ejercida ante el Juzgado Central de Instrucci\u00f3n n\u00fam. 4 por un\u2026<\/p>\n      <\/div>\n      <a href=\"https:\/\/www.sorianoipiqueras.com\/es_es\/2024\/10\/16\/soriano-i-piqueras-defendera-a-grandes-afectados-del-caso-madeira-invest-club-que-invirtieron-mas-de-6-millones-de-euros\/\" class=\"car-link\">Leer m\u00e1s<\/a>\n    <\/div><\/div>\n    <div class=\"car-nav\">\n      <button class=\"car-btn\" onclick=\"spCarPrev('carrusel_69f76ff48e846')\">\u2190 Anterior<\/button>\n      <div class=\"car-dots\"><button class=\"car-dot active\" onclick=\"spCarMove('carrusel_69f76ff48e846',0)\"><\/button><button class=\"car-dot\" onclick=\"spCarMove('carrusel_69f76ff48e846',1)\"><\/button><button class=\"car-dot\" onclick=\"spCarMove('carrusel_69f76ff48e846',2)\"><\/button><button class=\"car-dot\" onclick=\"spCarMove('carrusel_69f76ff48e846',3)\"><\/button><button class=\"car-dot\" onclick=\"spCarMove('carrusel_69f76ff48e846',4)\"><\/button><button class=\"car-dot\" onclick=\"spCarMove('carrusel_69f76ff48e846',5)\"><\/button><button class=\"car-dot\" onclick=\"spCarMove('carrusel_69f76ff48e846',6)\"><\/button><button class=\"car-dot\" onclick=\"spCarMove('carrusel_69f76ff48e846',7)\"><\/button><button class=\"car-dot\" onclick=\"spCarMove('carrusel_69f76ff48e846',8)\"><\/button><button class=\"car-dot\" onclick=\"spCarMove('carrusel_69f76ff48e846',9)\"><\/button><button class=\"car-dot\" onclick=\"spCarMove('carrusel_69f76ff48e846',10)\"><\/button><button class=\"car-dot\" onclick=\"spCarMove('carrusel_69f76ff48e846',11)\"><\/button><button class=\"car-dot\" onclick=\"spCarMove('carrusel_69f76ff48e846',12)\"><\/button><button class=\"car-dot\" onclick=\"spCarMove('carrusel_69f76ff48e846',13)\"><\/button><button class=\"car-dot\" onclick=\"spCarMove('carrusel_69f76ff48e846',14)\"><\/button><button class=\"car-dot\" onclick=\"spCarMove('carrusel_69f76ff48e846',15)\"><\/button><button class=\"car-dot\" onclick=\"spCarMove('carrusel_69f76ff48e846',16)\"><\/button><button class=\"car-dot\" onclick=\"spCarMove('carrusel_69f76ff48e846',17)\"><\/button><\/div>\n      <span class=\"car-counter\" id=\"carrusel_69f76ff48e846_counter\">1 \/ 18<\/span>\n      <button class=\"car-btn\" onclick=\"spCarNext('carrusel_69f76ff48e846')\">Siguiente \u2192<\/button>\n    <\/div>\n  <\/div>\n  <script>\n  (function(){\n    var state = {}; state[\"carrusel_69f76ff48e846\"] = 0;\n    var total = 18;\n    function update(id, i) {\n      state[id] = i;\n      document.querySelector(\"#\"+id+\" .car-track\").style.transform = \"translateX(-\"+i+\"00%)\";\n      document.querySelectorAll(\"#\"+id+\" .car-dot\").forEach(function(d,j){ d.classList.toggle(\"active\", j===i); });\n      document.getElementById(id+\"_counter\").innerText = (i+1) + \" \/ \" + total;\n    }\n    window.spCarNext = function(id){ update(id, (state[id]+1) % total); };\n    window.spCarPrev = function(id){ update(id, (state[id]-1+total) % total); };\n    window.spCarMove = function(id, i){ update(id, i); };\n  })();\n  <\/script>\n<\/div>\n<\/div>\n","protected":false},"excerpt":{"rendered":"","protected":false},"author":1,"featured_media":0,"parent":0,"menu_order":0,"comment_status":"closed","ping_status":"closed","template":"","meta":{"footnotes":""},"class_list":["post-1465","page","type-page","status-publish","hentry"],"aioseo_notices":[],"_links":{"self":[{"href":"https:\/\/www.sorianoipiqueras.com\/es_es\/wp-json\/wp\/v2\/pages\/1465","targetHints":{"allow":["GET"]}}],"collection":[{"href":"https:\/\/www.sorianoipiqueras.com\/es_es\/wp-json\/wp\/v2\/pages"}],"about":[{"href":"https:\/\/www.sorianoipiqueras.com\/es_es\/wp-json\/wp\/v2\/types\/page"}],"author":[{"embeddable":true,"href":"https:\/\/www.sorianoipiqueras.com\/es_es\/wp-json\/wp\/v2\/users\/1"}],"replies":[{"embeddable":true,"href":"https:\/\/www.sorianoipiqueras.com\/es_es\/wp-json\/wp\/v2\/comments?post=1465"}],"version-history":[{"count":10,"href":"https:\/\/www.sorianoipiqueras.com\/es_es\/wp-json\/wp\/v2\/pages\/1465\/revisions"}],"predecessor-version":[{"id":1528,"href":"https:\/\/www.sorianoipiqueras.com\/es_es\/wp-json\/wp\/v2\/pages\/1465\/revisions\/1528"}],"wp:attachment":[{"href":"https:\/\/www.sorianoipiqueras.com\/es_es\/wp-json\/wp\/v2\/media?parent=1465"}],"curies":[{"name":"wp","href":"https:\/\/api.w.org\/{rel}","templated":true}]}}